{"id":494,"date":"2017-04-04T15:48:57","date_gmt":"2017-04-04T13:48:57","guid":{"rendered":"http:\/\/www.ets-bouteloup.fr\/?page_id=494"},"modified":"2025-05-07T16:59:20","modified_gmt":"2025-05-07T14:59:20","slug":"salle-de-bain-cle-en-main-a-vilaine-la-juhel","status":"publish","type":"page","link":"https:\/\/www.ets-bouteloup.fr\/refonte\/salle-de-bain-cle-en-main-a-vilaine-la-juhel\/","title":{"rendered":".. Salle de bain cl\u00e9 en main \u00e0 Vilaine la Juhel"},"content":{"rendered":"\t\t<div data-elementor-type=\"wp-page\" data-elementor-id=\"494\" class=\"elementor elementor-494\">\n\t\t\t\t<div class=\"elementor-element elementor-element-1d5331f sec_h1 e-flex e-con-boxed coherence-container-background-zoom-no coherence-sticky-section-no elementor-invisible e-con e-parent\" data-id=\"1d5331f\" data-element_type=\"container\" data-settings=\"{&quot;animation&quot;:&quot;fadeInUp&quot;}\">\n\t\t\t\t\t<div class=\"e-con-inner\">\n\t\t<div class=\"elementor-element elementor-element-178a35a e-con-full e-flex coherence-container-background-zoom-no coherence-sticky-section-no e-con e-child\" data-id=\"178a35a\" data-element_type=\"container\" data-settings=\"{&quot;background_background&quot;:&quot;classic&quot;}\">\n\t\t<div class=\"elementor-element elementor-element-c5f9a39 e-con-full animate_01 elementor-hidden-tablet elementor-hidden-mobile_extra elementor-hidden-mobile e-flex coherence-container-background-zoom-no coherence-sticky-section-no e-con e-child\" data-id=\"c5f9a39\" data-element_type=\"container\" data-settings=\"{&quot;position&quot;:&quot;absolute&quot;}\">\n\t\t\t\t<\/div>\n\t\t\t\t<\/div>\n\t\t<div class=\"elementor-element elementor-element-55f16b0 e-con-full e-flex coherence-container-background-zoom-no coherence-sticky-section-no e-con e-child\" data-id=\"55f16b0\" data-element_type=\"container\" data-settings=\"{&quot;background_background&quot;:&quot;classic&quot;}\">\n\t\t\t\t<div class=\"elementor-element elementor-element-249ffb6 elementor-widget-divider--view-line elementor-widget elementor-widget-divider\" data-id=\"249ffb6\" data-element_type=\"widget\" data-widget_type=\"divider.default\">\n\t\t\t\t\t\t\t<div class=\"elementor-divider\">\n\t\t\t<span class=\"elementor-divider-separator\">\n\t\t\t\t\t\t<\/span>\n\t\t<\/div>\n\t\t\t\t\t\t<\/div>\n\t\t\t\t<div class=\"elementor-element elementor-element-48544e7 elementor-widget elementor-widget-coherence_Heading_widget\" data-id=\"48544e7\" data-element_type=\"widget\" data-widget_type=\"coherence_Heading_widget.default\">\n\t\t\t\t<div class=\"elementor-widget-container\">\n\t\t\t\t\t<h1 class=\"coherence-heading elementor-heading-title\"><span class=\"separator-sup-title\">BOUTELOUP<\/span> <span class=\"coherence-heading-text\">Si vous \u00eates \u00e0 la recherche d\u2019un professionnel pour r\u00e9nover votre salle de bain \u00e0 Vilaine la Juhel, pensez \u00e0 Ets BOUTELOUP. Nous sommes votre r\u00e9f\u00e9rence en mati\u00e8re de conception de salles de bain tout compris \u00e0 Vilaine la Juhel<\/span>  <\/h1>\t\t\t\t<\/div>\n\t\t\t\t<\/div>\n\t\t\t\t<div class=\"elementor-element elementor-element-0de54cc elementor-widget elementor-widget-text-editor\" data-id=\"0de54cc\" data-element_type=\"widget\" data-widget_type=\"text-editor.default\">\n\t\t\t\t\t\t\t\t\t<p>Vous souhaitez repenser votre espace priv\u00e9, modifier vos \u00e9quipements sanitaires ou \u00e9lectriques ? B\u00e9n\u00e9ficiez de l\u2019expertise de BOUTELOUP, votre partenaire en conception de Salle de bain cl\u00e9 en main \u00e0 Vilaine la Juhel.<\/p><p>Notre \u00e9quipe est compos\u00e9e d\u2019artisans sp\u00e9cialis\u00e9s dans divers domaines. Nous travaillons pour des clients professionnels et particuliers dans toute la r\u00e9gion de la Mayenne pour des projets de construction ou de r\u00e9novation de salles de bain.<\/p><p>Ajoutez une touche de fra\u00eecheur, de fonctionnalit\u00e9 et de s\u00e9curit\u00e9 \u00e0 votre espace priv\u00e9 gr\u00e2ce \u00e0 nos solutions personnalis\u00e9es de conception de Salle de bain cl\u00e9 en main \u00e0 Vilaine la Juhel.<\/p>\t\t\t\t\t\t\t\t<\/div>\n\t\t\t\t<div class=\"elementor-element elementor-element-462d3a0 elementor-tablet-align-center elementor-widget elementor-widget-coherence-Button-widget\" data-id=\"462d3a0\" data-element_type=\"widget\" data-widget_type=\"coherence-Button-widget.default\">\n\t\t\t\t<div class=\"elementor-widget-container\">\n\t\t\t\t\t<div class=\"elementor-button-wrapper coherence-button-wrapper\">\r\n    <a href=\"\/contact\/\" class=\"elementor-button-link elementor-button elementor-size-sm coherence-button-style-solid\" role=\"button\">\r\n        <span class=\"elementor-button-content-wrapper\">\r\n                        <span class=\"elementor-button-text\">Devis gratuit<\/span>\r\n        <\/span>\r\n    <\/a>\r\n<\/div>\t\t\t\t<\/div>\n\t\t\t\t<\/div>\n\t\t\t\t<\/div>\n\t\t\t\t\t<\/div>\n\t\t\t\t<\/div>\n\t\t<div class=\"elementor-element elementor-element-35286d2 e-flex e-con-boxed coherence-container-background-zoom-no coherence-sticky-section-no e-con e-parent\" data-id=\"35286d2\" data-element_type=\"container\" data-settings=\"{&quot;background_background&quot;:&quot;classic&quot;}\">\n\t\t\t\t\t<div class=\"e-con-inner\">\n\t\t<div class=\"elementor-element elementor-element-3e884de e-con-full e-flex coherence-container-background-zoom-no coherence-sticky-section-no e-con e-child\" data-id=\"3e884de\" data-element_type=\"container\">\n\t\t<div class=\"elementor-element elementor-element-ca9de18 e-con-full e-flex coherence-container-background-zoom-no coherence-sticky-section-no e-con e-child\" data-id=\"ca9de18\" data-element_type=\"container\">\n\t\t<div class=\"elementor-element elementor-element-375d2d8 e-con-full e-flex coherence-container-background-zoom-no coherence-sticky-section-no elementor-invisible e-con e-child\" data-id=\"375d2d8\" data-element_type=\"container\" data-settings=\"{&quot;background_background&quot;:&quot;classic&quot;,&quot;animation&quot;:&quot;fadeInLeft&quot;}\">\n\t\t\t\t<div class=\"elementor-element elementor-element-dc6d524 elementor-widget__width-initial elementor-widget-tablet_extra__width-initial elementor-widget elementor-widget-text-editor\" data-id=\"dc6d524\" data-element_type=\"widget\" data-widget_type=\"text-editor.default\">\n\t\t\t\t\t\t\t\t\t<p>Chez BOUTELOUP, nous disposons d\u2019une \u00e9quipe polyvalente qualifi\u00e9e pour am\u00e9nager votre salle de bain selon vos envies, la moderniser, la rendre plus esth\u00e9tique, pratique et confortable. Nos collaborateurs r\u00e9alisent une \u00e9tude technique en amont pour garantir un r\u00e9sultat optimal.<\/p><p>Quelle que soit la taille, la forme ou les couleurs de votre salle de bain, chez BOUTELOUP, nous l\u2019am\u00e9nageons enti\u00e8rement selon vos souhaits.<\/p><p>BOUTELOUP s\u2019occupe \u00e9galement de l\u2019am\u00e9nagement de salle de bain pour les personnes \u00e0 mobilit\u00e9 r\u00e9duite (PMR), nous proposons des am\u00e9nagements de SPA et des salles de bain cl\u00e9s en main.<\/p>\t\t\t\t\t\t\t\t<\/div>\n\t\t\t\t<\/div>\n\t\t\t\t<\/div>\n\t\t<div class=\"elementor-element elementor-element-1cda61e e-con-full animate_01 e-flex coherence-container-background-zoom-no coherence-sticky-section-no elementor-invisible e-con e-child\" data-id=\"1cda61e\" data-element_type=\"container\" data-settings=\"{&quot;background_background&quot;:&quot;classic&quot;,&quot;animation&quot;:&quot;fadeInRight&quot;}\">\n\t\t\t\t<\/div>\n\t\t\t\t<\/div>\n\t\t\t\t\t<\/div>\n\t\t\t\t<\/div>\n\t\t<div class=\"elementor-element elementor-element-5f8432b e-flex e-con-boxed coherence-container-background-zoom-no coherence-sticky-section-no e-con e-parent\" data-id=\"5f8432b\" data-element_type=\"container\" data-settings=\"{&quot;background_background&quot;:&quot;classic&quot;}\">\n\t\t\t\t\t<div class=\"e-con-inner\">\n\t\t<div class=\"elementor-element elementor-element-67f904f e-con-full e-flex coherence-container-background-zoom-no coherence-sticky-section-no e-con e-child\" data-id=\"67f904f\" data-element_type=\"container\">\n\t\t<div class=\"elementor-element elementor-element-a0a6f13 e-con-full e-flex coherence-container-background-zoom-no coherence-sticky-section-no elementor-invisible e-con e-child\" data-id=\"a0a6f13\" data-element_type=\"container\" data-settings=\"{&quot;background_background&quot;:&quot;classic&quot;,&quot;animation&quot;:&quot;fadeInLeft&quot;}\">\n\t\t\t\t<\/div>\n\t\t<div class=\"elementor-element elementor-element-b67efce e-con-full e-flex coherence-container-background-zoom-no coherence-sticky-section-no elementor-invisible e-con e-child\" data-id=\"b67efce\" data-element_type=\"container\" data-settings=\"{&quot;background_background&quot;:&quot;classic&quot;,&quot;animation&quot;:&quot;fadeInRight&quot;}\">\n\t\t\t\t<div class=\"elementor-element elementor-element-20768c6 elementor-widget-divider--view-line elementor-widget elementor-widget-divider\" data-id=\"20768c6\" data-element_type=\"widget\" data-widget_type=\"divider.default\">\n\t\t\t\t\t\t\t<div class=\"elementor-divider\">\n\t\t\t<span class=\"elementor-divider-separator\">\n\t\t\t\t\t\t<\/span>\n\t\t<\/div>\n\t\t\t\t\t\t<\/div>\n\t\t\t\t<div class=\"elementor-element elementor-element-ddeeea9 elementor-widget elementor-widget-coherence_Heading_widget\" data-id=\"ddeeea9\" data-element_type=\"widget\" data-widget_type=\"coherence_Heading_widget.default\">\n\t\t\t\t<div class=\"elementor-widget-container\">\n\t\t\t\t\t<h2 class=\"coherence-heading elementor-heading-title\"> <span class=\"coherence-heading-text\">Voici un aper\u00e7u de nos services de qualit\u00e9 pour votre salle de bain cl\u00e9 en main \u00e0 Vilaine la Juhel :<\/span>  <\/h2>\t\t\t\t<\/div>\n\t\t\t\t<\/div>\n\t\t\t\t<div class=\"elementor-element elementor-element-9d059ec elementor-widget elementor-widget-text-editor\" data-id=\"9d059ec\" data-element_type=\"widget\" data-widget_type=\"text-editor.default\">\n\t\t\t\t\t\t\t\t\t<ul>\n<li>Agencement<\/li>\n<li>Douche<\/li>\n<li>Baignoire<\/li>\n<li>Lavabos et vasques<\/li>\n<li>Robinetterie<\/li>\n<li>Meubles et accessoires de salle de bain<\/li>\n<li>Douches \u00e0 l\u2019italienne<\/li>\n<li>Niche dans la douche<\/li>\n<li>WC suspendu<\/li>\n<li>Carrelage<\/li>\n<\/ul>\t\t\t\t\t\t\t\t<\/div>\n\t\t\t\t<\/div>\n\t\t\t\t<\/div>\n\t\t\t\t\t<\/div>\n\t\t\t\t<\/div>\n\t\t<div class=\"elementor-element elementor-element-9794513 e-flex e-con-boxed coherence-container-background-zoom-no coherence-sticky-section-no e-con e-parent\" data-id=\"9794513\" data-element_type=\"container\" data-settings=\"{&quot;background_background&quot;:&quot;classic&quot;}\">\n\t\t\t\t\t<div class=\"e-con-inner\">\n\t\t<div class=\"elementor-element elementor-element-08d9a79 e-con-full animated-slow e-flex coherence-container-background-zoom-no coherence-sticky-section-no elementor-invisible e-con e-child\" data-id=\"08d9a79\" data-element_type=\"container\" data-settings=\"{&quot;background_background&quot;:&quot;classic&quot;,&quot;animation&quot;:&quot;bounceInRight&quot;}\">\n\t\t\t\t<div class=\"elementor-element elementor-element-316a615 elementor-widget__width-initial elementor-widget elementor-widget-text-editor\" data-id=\"316a615\" data-element_type=\"widget\" data-widget_type=\"text-editor.default\">\n\t\t\t\t\t\t\t\t\tPour toute information compl\u00e9mentaire sur votre projet de r\u00e9novation ou de cr\u00e9ation de salles de bain sur mesure, l\u2019entreprise BOUTELOUP est \u00e0 votre service.\t\t\t\t\t\t\t\t<\/div>\n\t\t\t\t<div class=\"elementor-element elementor-element-f54e5f9 elementor-tablet-align-center elementor-align-center elementor-widget elementor-widget-coherence-Button-widget\" data-id=\"f54e5f9\" data-element_type=\"widget\" data-widget_type=\"coherence-Button-widget.default\">\n\t\t\t\t<div class=\"elementor-widget-container\">\n\t\t\t\t\t<div class=\"elementor-button-wrapper coherence-button-wrapper\">\r\n    <a href=\"\/contact\/\" class=\"elementor-button-link elementor-button elementor-size-sm coherence-button-style-solid\" role=\"button\">\r\n        <span class=\"elementor-button-content-wrapper\">\r\n                        <span class=\"elementor-button-text\">Contactez-nous<\/span>\r\n        <\/span>\r\n    <\/a>\r\n<\/div>\t\t\t\t<\/div>\n\t\t\t\t<\/div>\n\t\t\t\t<\/div>\n\t\t\t\t\t<\/div>\n\t\t\t\t<\/div>\n\t\t\t\t<\/div>\n\t\t","protected":false},"excerpt":{"rendered":"<p>BOUTELOUP Si vous \u00eates \u00e0 la recherche d\u2019un professionnel pour r\u00e9nover votre salle de bain \u00e0 Vilaine la Juhel, pensez \u00e0 Ets BOUTELOUP. Nous sommes votre r\u00e9f\u00e9rence en mati\u00e8re de conception de salles de bain tout compris \u00e0 Vilaine la Juhel Vous souhaitez repenser votre espace priv\u00e9, modifier vos \u00e9quipements sanitaires ou \u00e9lectriques ? B\u00e9n\u00e9ficiez [&hellip;]<\/p>\n","protected":false},"author":1,"featured_media":0,"parent":0,"menu_order":0,"comment_status":"closed","ping_status":"closed","template":"","meta":{"inline_featured_image":false,"footnotes":""},"class_list":["post-494","page","type-page","status-publish","hentry"],"yoast_head":"<!-- This site is optimized with the Yoast SEO plugin v25.9 - https:\/\/yoast.com\/wordpress\/plugins\/seo\/ -->\n<title>Salle de bain cl\u00e9 en main \u00e0 Vilaine la Juhel \u2013 BOUTELOUP, L\u2019artisan qu\u2019il vous faut<\/title>\n<meta name=\"description\" content=\"L\u2019entreprise BOUTELOUP qualifi\u00e9e et reconnue pour la r\u00e9novation ou la cr\u00e9ation de Salle de bain cl\u00e9 en main \u00e0 Vilaine la Juhel. Appelez-nous 02 43 01 66 20\" \/>\n<meta name=\"robots\" content=\"noindex, follow, max-snippet:-1, max-image-preview:large, max-video-preview:-1\" \/>\n<meta property=\"og:locale\" content=\"fr_FR\" \/>\n<meta property=\"og:type\" content=\"article\" \/>\n<meta property=\"og:title\" content=\"Salle de bain cl\u00e9 en main \u00e0 Vilaine la Juhel \u2013 BOUTELOUP, L\u2019artisan qu\u2019il vous faut\" \/>\n<meta property=\"og:description\" content=\"L\u2019entreprise BOUTELOUP qualifi\u00e9e et reconnue pour la r\u00e9novation ou la cr\u00e9ation de Salle de bain cl\u00e9 en main \u00e0 Vilaine la Juhel. Appelez-nous 02 43 01 66 20\" \/>\n<meta property=\"og:url\" content=\"https:\/\/www.ets-bouteloup.fr\/refonte\/salle-de-bain-cle-en-main-a-vilaine-la-juhel\/\" \/>\n<meta property=\"og:site_name\" content=\"ETS BOUTELOUP\" \/>\n<meta property=\"article:modified_time\" content=\"2025-05-07T14:59:20+00:00\" \/>\n<meta name=\"twitter:card\" content=\"summary_large_image\" \/>\n<meta name=\"twitter:label1\" content=\"Dur\u00e9e de lecture estim\u00e9e\" \/>\n\t<meta name=\"twitter:data1\" content=\"2 minutes\" \/>\n<script type=\"application\/ld+json\" class=\"yoast-schema-graph\">{\"@context\":\"https:\/\/schema.org\",\"@graph\":[{\"@type\":\"WebPage\",\"@id\":\"https:\/\/www.ets-bouteloup.fr\/refonte\/salle-de-bain-cle-en-main-a-vilaine-la-juhel\/\",\"url\":\"https:\/\/www.ets-bouteloup.fr\/refonte\/salle-de-bain-cle-en-main-a-vilaine-la-juhel\/\",\"name\":\"Salle de bain cl\u00e9 en main \u00e0 Vilaine la Juhel \u2013 BOUTELOUP, L\u2019artisan qu\u2019il vous faut\",\"isPartOf\":{\"@id\":\"https:\/\/www.ets-bouteloup.fr\/refonte\/#website\"},\"datePublished\":\"2017-04-04T13:48:57+00:00\",\"dateModified\":\"2025-05-07T14:59:20+00:00\",\"description\":\"L\u2019entreprise BOUTELOUP qualifi\u00e9e et reconnue pour la r\u00e9novation ou la cr\u00e9ation de Salle de bain cl\u00e9 en main \u00e0 Vilaine la Juhel. Appelez-nous 02 43 01 66 20\",\"breadcrumb\":{\"@id\":\"https:\/\/www.ets-bouteloup.fr\/refonte\/salle-de-bain-cle-en-main-a-vilaine-la-juhel\/#breadcrumb\"},\"inLanguage\":\"fr-FR\",\"potentialAction\":[{\"@type\":\"ReadAction\",\"target\":[\"https:\/\/www.ets-bouteloup.fr\/refonte\/salle-de-bain-cle-en-main-a-vilaine-la-juhel\/\"]}]},{\"@type\":\"BreadcrumbList\",\"@id\":\"https:\/\/www.ets-bouteloup.fr\/refonte\/salle-de-bain-cle-en-main-a-vilaine-la-juhel\/#breadcrumb\",\"itemListElement\":[{\"@type\":\"ListItem\",\"position\":1,\"name\":\"Home\",\"item\":\"https:\/\/www.ets-bouteloup.fr\/refonte\/\"},{\"@type\":\"ListItem\",\"position\":2,\"name\":\".. Salle de bain cl\u00e9 en main \u00e0 Vilaine la Juhel\"}]},{\"@type\":\"WebSite\",\"@id\":\"https:\/\/www.ets-bouteloup.fr\/refonte\/#website\",\"url\":\"https:\/\/www.ets-bouteloup.fr\/refonte\/\",\"name\":\"ETS BOUTELOUP\",\"description\":\"\",\"potentialAction\":[{\"@type\":\"SearchAction\",\"target\":{\"@type\":\"EntryPoint\",\"urlTemplate\":\"https:\/\/www.ets-bouteloup.fr\/refonte\/?s={search_term_string}\"},\"query-input\":{\"@type\":\"PropertyValueSpecification\",\"valueRequired\":true,\"valueName\":\"search_term_string\"}}],\"inLanguage\":\"fr-FR\"}]}<\/script>\n<!-- \/ Yoast SEO plugin. -->","yoast_head_json":{"title":"Salle de bain cl\u00e9 en main \u00e0 Vilaine la Juhel \u2013 BOUTELOUP, L\u2019artisan qu\u2019il vous faut","description":"L\u2019entreprise BOUTELOUP qualifi\u00e9e et reconnue pour la r\u00e9novation ou la cr\u00e9ation de Salle de bain cl\u00e9 en main \u00e0 Vilaine la Juhel. Appelez-nous 02 43 01 66 20","robots":{"index":"noindex","follow":"follow","max-snippet":"max-snippet:-1","max-image-preview":"max-image-preview:large","max-video-preview":"max-video-preview:-1"},"og_locale":"fr_FR","og_type":"article","og_title":"Salle de bain cl\u00e9 en main \u00e0 Vilaine la Juhel \u2013 BOUTELOUP, L\u2019artisan qu\u2019il vous faut","og_description":"L\u2019entreprise BOUTELOUP qualifi\u00e9e et reconnue pour la r\u00e9novation ou la cr\u00e9ation de Salle de bain cl\u00e9 en main \u00e0 Vilaine la Juhel. Appelez-nous 02 43 01 66 20","og_url":"https:\/\/www.ets-bouteloup.fr\/refonte\/salle-de-bain-cle-en-main-a-vilaine-la-juhel\/","og_site_name":"ETS BOUTELOUP","article_modified_time":"2025-05-07T14:59:20+00:00","twitter_card":"summary_large_image","twitter_misc":{"Dur\u00e9e de lecture estim\u00e9e":"2 minutes"},"schema":{"@context":"https:\/\/schema.org","@graph":[{"@type":"WebPage","@id":"https:\/\/www.ets-bouteloup.fr\/refonte\/salle-de-bain-cle-en-main-a-vilaine-la-juhel\/","url":"https:\/\/www.ets-bouteloup.fr\/refonte\/salle-de-bain-cle-en-main-a-vilaine-la-juhel\/","name":"Salle de bain cl\u00e9 en main \u00e0 Vilaine la Juhel \u2013 BOUTELOUP, L\u2019artisan qu\u2019il vous faut","isPartOf":{"@id":"https:\/\/www.ets-bouteloup.fr\/refonte\/#website"},"datePublished":"2017-04-04T13:48:57+00:00","dateModified":"2025-05-07T14:59:20+00:00","description":"L\u2019entreprise BOUTELOUP qualifi\u00e9e et reconnue pour la r\u00e9novation ou la cr\u00e9ation de Salle de bain cl\u00e9 en main \u00e0 Vilaine la Juhel. Appelez-nous 02 43 01 66 20","breadcrumb":{"@id":"https:\/\/www.ets-bouteloup.fr\/refonte\/salle-de-bain-cle-en-main-a-vilaine-la-juhel\/#breadcrumb"},"inLanguage":"fr-FR","potentialAction":[{"@type":"ReadAction","target":["https:\/\/www.ets-bouteloup.fr\/refonte\/salle-de-bain-cle-en-main-a-vilaine-la-juhel\/"]}]},{"@type":"BreadcrumbList","@id":"https:\/\/www.ets-bouteloup.fr\/refonte\/salle-de-bain-cle-en-main-a-vilaine-la-juhel\/#breadcrumb","itemListElement":[{"@type":"ListItem","position":1,"name":"Home","item":"https:\/\/www.ets-bouteloup.fr\/refonte\/"},{"@type":"ListItem","position":2,"name":".. Salle de bain cl\u00e9 en main \u00e0 Vilaine la Juhel"}]},{"@type":"WebSite","@id":"https:\/\/www.ets-bouteloup.fr\/refonte\/#website","url":"https:\/\/www.ets-bouteloup.fr\/refonte\/","name":"ETS BOUTELOUP","description":"","potentialAction":[{"@type":"SearchAction","target":{"@type":"EntryPoint","urlTemplate":"https:\/\/www.ets-bouteloup.fr\/refonte\/?s={search_term_string}"},"query-input":{"@type":"PropertyValueSpecification","valueRequired":true,"valueName":"search_term_string"}}],"inLanguage":"fr-FR"}]}},"_links":{"self":[{"href":"https:\/\/www.ets-bouteloup.fr\/refonte\/wp-json\/wp\/v2\/pages\/494","targetHints":{"allow":["GET"]}}],"collection":[{"href":"https:\/\/www.ets-bouteloup.fr\/refonte\/wp-json\/wp\/v2\/pages"}],"about":[{"href":"https:\/\/www.ets-bouteloup.fr\/refonte\/wp-json\/wp\/v2\/types\/page"}],"author":[{"embeddable":true,"href":"https:\/\/www.ets-bouteloup.fr\/refonte\/wp-json\/wp\/v2\/users\/1"}],"replies":[{"embeddable":true,"href":"https:\/\/www.ets-bouteloup.fr\/refonte\/wp-json\/wp\/v2\/comments?post=494"}],"version-history":[{"count":1,"href":"https:\/\/www.ets-bouteloup.fr\/refonte\/wp-json\/wp\/v2\/pages\/494\/revisions"}],"predecessor-version":[{"id":2513,"href":"https:\/\/www.ets-bouteloup.fr\/refonte\/wp-json\/wp\/v2\/pages\/494\/revisions\/2513"}],"wp:attachment":[{"href":"https:\/\/www.ets-bouteloup.fr\/refonte\/wp-json\/wp\/v2\/media?parent=494"}],"curies":[{"name":"wp","href":"https:\/\/api.w.org\/{rel}","templated":true}]}}